{"id":12,"date":"2021-09-15T17:18:50","date_gmt":"2021-09-15T17:18:50","guid":{"rendered":"http:\/\/restaurantetemporal.com.mx\/?page_id=12"},"modified":"2026-04-01T17:03:27","modified_gmt":"2026-04-01T23:03:27","slug":"12-2","status":"publish","type":"page","link":"http:\/\/restaurantetemporal.com.mx\/en\/","title":{"rendered":"HOME"},"content":{"rendered":"<p>[et_pb_section fb_built=&#8221;1&#8243; fullwidth=&#8221;on&#8221; _builder_version=&#8221;4.16&#8243; _module_preset=&#8221;default&#8221; global_colors_info=&#8221;{}&#8221;][et_pb_fullwidth_slider _builder_version=&#8221;4.16&#8243; _module_preset=&#8221;default&#8221; width_tablet=&#8221;&#8221; width_phone=&#8221;&#8221; width_last_edited=&#8221;on|phone&#8221; module_alignment=&#8221;center&#8221; height=&#8221;520px&#8221; height_tablet=&#8221;275px&#8221; height_phone=&#8221;145px&#8221; height_last_edited=&#8221;on|phone&#8221; custom_padding=&#8221;||0px|||&#8221; auto=&#8221;on&#8221; auto_speed=&#8221;5000&#8243; global_colors_info=&#8221;{}&#8221;][et_pb_slide _builder_version=&#8221;4.16&#8243; _module_preset=&#8221;default&#8221; background_enable_color=&#8221;off&#8221; background_image=&#8221;http:\/\/restaurantetemporal.com.mx\/wp-content\/uploads\/2021\/09\/Temporal_lugar_1.jpg&#8221; background_enable_image=&#8221;on&#8221; global_colors_info=&#8221;{}&#8221; sticky_transition=&#8221;on&#8221;][\/et_pb_slide][et_pb_slide _builder_version=&#8221;4.16&#8243; _module_preset=&#8221;default&#8221; background_color=&#8221;#adadad&#8221; background_enable_color=&#8221;on&#8221; background_image=&#8221;http:\/\/restaurantetemporal.com.mx\/wp-content\/uploads\/2021\/09\/Temporal_lugar_4.jpg&#8221; background_enable_image=&#8221;on&#8221; global_colors_info=&#8221;{}&#8221; sticky_transition=&#8221;on&#8221;][\/et_pb_slide][et_pb_slide _builder_version=&#8221;4.16&#8243; _module_preset=&#8221;default&#8221; background_color=&#8221;#adadad&#8221; background_enable_color=&#8221;on&#8221; background_image=&#8221;http:\/\/restaurantetemporal.com.mx\/wp-content\/uploads\/2021\/09\/Temporal_lugar_2.jpg&#8221; background_enable_image=&#8221;on&#8221; global_colors_info=&#8221;{}&#8221; sticky_transition=&#8221;on&#8221;][\/et_pb_slide][et_pb_slide _builder_version=&#8221;4.16&#8243; _module_preset=&#8221;default&#8221; background_color=&#8221;#adadad&#8221; background_enable_color=&#8221;on&#8221; background_image=&#8221;http:\/\/restaurantetemporal.com.mx\/wp-content\/uploads\/2021\/09\/Temporal_lugar_5.jpg&#8221; background_enable_image=&#8221;on&#8221; global_colors_info=&#8221;{}&#8221; sticky_transition=&#8221;on&#8221;][\/et_pb_slide][et_pb_slide _builder_version=&#8221;4.16&#8243; _module_preset=&#8221;default&#8221; background_color=&#8221;#adadad&#8221; background_enable_color=&#8221;on&#8221; background_image=&#8221;http:\/\/restaurantetemporal.com.mx\/wp-content\/uploads\/2021\/09\/Temporal_lugar_6.jpg&#8221; background_enable_image=&#8221;on&#8221; global_colors_info=&#8221;{}&#8221; sticky_transition=&#8221;on&#8221;][\/et_pb_slide][\/et_pb_fullwidth_slider][\/et_pb_section][et_pb_section fb_built=&#8221;1&#8243; _builder_version=&#8221;4.17.4&#8243; _module_preset=&#8221;default&#8221; custom_padding=&#8221;1px||2px|||&#8221; global_colors_info=&#8221;{}&#8221;][et_pb_row _builder_version=&#8221;4.17.4&#8243; _module_preset=&#8221;default&#8221; global_colors_info=&#8221;{}&#8221;][et_pb_column type=&#8221;4_4&#8243; _builder_version=&#8221;4.17.4&#8243; _module_preset=&#8221;default&#8221; global_colors_info=&#8221;{}&#8221;][et_pb_code _builder_version=&#8221;4.27.5&#8243; _module_preset=&#8221;default&#8221; text_orientation=&#8221;center&#8221; hover_enabled=&#8221;0&#8243; global_colors_info=&#8221;{}&#8221; sticky_enabled=&#8221;0&#8243;]<a href=\"https:\/\/www.opentable.com.mx\/restaurant\/profile\/####\/reserve?rid=####&#038;restref=####\" target=\"_blank\" rel=\"noopener\"><img decoding=\"async\" height=\"250px\" width=\"250px\" src=\"https:\/\/restaurant.opentable.com.mx\/badge\/ot\/DC2-2024.png\"><\/a>[\/et_pb_code][et_pb_image src=&#8221;http:\/\/restaurantetemporal.com.mx\/wp-content\/uploads\/2022\/07\/OpenTable.jpg&#8221; title_text=&#8221;OpenTable&#8221; _builder_version=&#8221;4.17.4&#8243; _module_preset=&#8221;default&#8221; width=&#8221;40%&#8221; width_tablet=&#8221;50%&#8221; width_phone=&#8221;50%&#8221; width_last_edited=&#8221;on|phone&#8221; module_alignment=&#8221;center&#8221; global_colors_info=&#8221;{}&#8221;][\/et_pb_image][\/et_pb_column][\/et_pb_row][\/et_pb_section][et_pb_section fb_built=&#8221;1&#8243; _builder_version=&#8221;4.16&#8243; _module_preset=&#8221;default&#8221; custom_padding=&#8221;0px||5px|||&#8221; global_colors_info=&#8221;{}&#8221;][et_pb_row _builder_version=&#8221;4.16&#8243; _module_preset=&#8221;default&#8221; global_colors_info=&#8221;{}&#8221;][et_pb_column type=&#8221;4_4&#8243; _builder_version=&#8221;4.16&#8243; _module_preset=&#8221;default&#8221; global_colors_info=&#8221;{}&#8221;][et_pb_text _builder_version=&#8221;4.16&#8243; _module_preset=&#8221;default&#8221; text_font=&#8221;Public Sans||||||||&#8221; text_text_color=&#8221;#414042&#8243; text_orientation=&#8221;justified&#8221; width=&#8221;80%&#8221; width_tablet=&#8221;&#8221; width_phone=&#8221;&#8221; width_last_edited=&#8221;on|tablet&#8221; module_alignment=&#8221;center&#8221; module_alignment_tablet=&#8221;&#8221; module_alignment_phone=&#8221;&#8221; module_alignment_last_edited=&#8221;on|desktop&#8221; global_colors_info=&#8221;{}&#8221;]<\/p>\n<p style=\"text-align: justify;\">Gracias a una reflexi\u00f3n profunda sobre el Tiempo, el Chef Diego P\u00e9rez Turner pudo descubrir que su obsesi\u00f3n es encontrar el ingrediente perfecto en la temporada precisa del a\u00f1o, y a su vez, la fascinaci\u00f3n de cocinarlo por varias horas hasta que logra su punto ideal. La culminaci\u00f3n de todo para \u00e9l, es cuando llega el plato a la mesa y el magn\u00edfico tiempo invertido en su preparaci\u00f3n se convierte en un maravilloso instante, tan breve como eterno.<\/p>\n<p>Disfrute la cocina de un chef que atesora al tiempo como el recurso m\u00e1s valioso en la existencia del Universo y que muchos de nosotros ya no tenemos, queremos o podemos invertir para limpiar, sazonar, marinar y hornear alimentos que aqu\u00ed, en Temporal, podemos hacer nuestros.<\/p>\n<p>[\/et_pb_text][\/et_pb_column][\/et_pb_row][\/et_pb_section][et_pb_section fb_built=&#8221;1&#8243; fullwidth=&#8221;on&#8221; _builder_version=&#8221;4.16&#8243; _module_preset=&#8221;default&#8221; module_alignment=&#8221;center&#8221; max_height_tablet=&#8221;&#8221; max_height_phone=&#8221;&#8221; max_height_last_edited=&#8221;on|tablet&#8221; global_colors_info=&#8221;{}&#8221;][et_pb_fullwidth_slider _builder_version=&#8221;4.16&#8243; _module_preset=&#8221;default&#8221; module_alignment=&#8221;center&#8221; height=&#8221;500px&#8221; height_tablet=&#8221;280px&#8221; height_phone=&#8221;160px&#8221; height_last_edited=&#8221;on|phone&#8221; max_height_tablet=&#8221;745px&#8221; max_height_phone=&#8221;&#8221; max_height_last_edited=&#8221;on|tablet&#8221; auto=&#8221;on&#8221; auto_speed=&#8221;3000&#8243; global_colors_info=&#8221;{}&#8221;][et_pb_slide _builder_version=&#8221;4.16&#8243; _module_preset=&#8221;default&#8221; background_image=&#8221;http:\/\/restaurantetemporal.com.mx\/wp-content\/uploads\/2021\/09\/Temporal_comida_2.jpg&#8221; background_enable_image=&#8221;on&#8221; global_colors_info=&#8221;{}&#8221; sticky_transition=&#8221;on&#8221;][\/et_pb_slide][et_pb_slide _builder_version=&#8221;4.16&#8243; _module_preset=&#8221;default&#8221; background_image=&#8221;http:\/\/restaurantetemporal.com.mx\/wp-content\/uploads\/2021\/09\/Temporal_comida_3.jpg&#8221; background_enable_image=&#8221;on&#8221; global_colors_info=&#8221;{}&#8221; sticky_transition=&#8221;on&#8221;][\/et_pb_slide][et_pb_slide _builder_version=&#8221;4.16&#8243; _module_preset=&#8221;default&#8221; background_image=&#8221;http:\/\/restaurantetemporal.com.mx\/wp-content\/uploads\/2021\/09\/Temporal_comida_4.jpg&#8221; background_enable_image=&#8221;on&#8221; global_colors_info=&#8221;{}&#8221; sticky_transition=&#8221;on&#8221;][\/et_pb_slide][et_pb_slide _builder_version=&#8221;4.16&#8243; _module_preset=&#8221;default&#8221; background_image=&#8221;http:\/\/restaurantetemporal.com.mx\/wp-content\/uploads\/2021\/09\/Temporal_comida_1.jpg&#8221; background_enable_image=&#8221;on&#8221; global_colors_info=&#8221;{}&#8221; sticky_transition=&#8221;on&#8221;][\/et_pb_slide][et_pb_slide _builder_version=&#8221;4.16&#8243; _module_preset=&#8221;default&#8221; background_image=&#8221;http:\/\/restaurantetemporal.com.mx\/wp-content\/uploads\/2021\/09\/Temporal_comida_5.jpg&#8221; background_enable_image=&#8221;on&#8221; global_colors_info=&#8221;{}&#8221; sticky_transition=&#8221;on&#8221;][\/et_pb_slide][et_pb_slide _builder_version=&#8221;4.16&#8243; _module_preset=&#8221;default&#8221; background_image=&#8221;http:\/\/restaurantetemporal.com.mx\/wp-content\/uploads\/2021\/09\/Temporal_comida_6.jpg&#8221; background_enable_image=&#8221;on&#8221; global_colors_info=&#8221;{}&#8221; sticky_transition=&#8221;on&#8221;][\/et_pb_slide][et_pb_slide _builder_version=&#8221;4.16&#8243; _module_preset=&#8221;default&#8221; background_image=&#8221;http:\/\/restaurantetemporal.com.mx\/wp-content\/uploads\/2021\/09\/Temporal_comida_7.jpg&#8221; background_enable_image=&#8221;on&#8221; global_colors_info=&#8221;{}&#8221; sticky_transition=&#8221;on&#8221;][\/et_pb_slide][\/et_pb_fullwidth_slider][\/et_pb_section][et_pb_section fb_built=&#8221;1&#8243; _builder_version=&#8221;4.16&#8243; _module_preset=&#8221;default&#8221; custom_padding=&#8221;0px||2px|||&#8221; global_colors_info=&#8221;{}&#8221;][et_pb_row _builder_version=&#8221;4.16&#8243; _module_preset=&#8221;default&#8221; custom_padding=&#8221;|0px||||&#8221; global_colors_info=&#8221;{}&#8221;][et_pb_column type=&#8221;4_4&#8243; _builder_version=&#8221;4.16&#8243; _module_preset=&#8221;default&#8221; global_colors_info=&#8221;{}&#8221;][et_pb_image src=&#8221;http:\/\/restaurantetemporal.com.mx\/wp-content\/uploads\/2026\/04\/MenuComida_PRIMAVERA.pdf&#8221; title_text=&#8221;MenuComida_PRIMAVERA&#8221; align=&#8221;center&#8221; _builder_version=&#8221;4.27.5&#8243; _module_preset=&#8221;default&#8221; width=&#8221;75%&#8221; module_alignment=&#8221;center&#8221; hover_enabled=&#8221;0&#8243; global_colors_info=&#8221;{}&#8221; sticky_enabled=&#8221;0&#8243;][\/et_pb_image][\/et_pb_column][\/et_pb_row][\/et_pb_section][et_pb_section fb_built=&#8221;1&#8243; fullwidth=&#8221;on&#8221; _builder_version=&#8221;4.16&#8243; _module_preset=&#8221;default&#8221; module_alignment=&#8221;center&#8221; max_height_tablet=&#8221;&#8221; max_height_phone=&#8221;&#8221; max_height_last_edited=&#8221;on|tablet&#8221; global_colors_info=&#8221;{}&#8221;][et_pb_fullwidth_slider _builder_version=&#8221;4.16&#8243; _module_preset=&#8221;default&#8221; module_alignment=&#8221;center&#8221; height=&#8221;500px&#8221; height_tablet=&#8221;280px&#8221; height_phone=&#8221;160px&#8221; height_last_edited=&#8221;on|phone&#8221; max_height_tablet=&#8221;745px&#8221; max_height_phone=&#8221;&#8221; max_height_last_edited=&#8221;on|tablet&#8221; auto=&#8221;on&#8221; auto_speed=&#8221;5000&#8243; global_colors_info=&#8221;{}&#8221;][et_pb_slide _builder_version=&#8221;4.16&#8243; _module_preset=&#8221;default&#8221; background_image=&#8221;http:\/\/restaurantetemporal.com.mx\/wp-content\/uploads\/2021\/09\/Temporal_postres_1.jpg&#8221; background_enable_image=&#8221;on&#8221; global_colors_info=&#8221;{}&#8221; sticky_transition=&#8221;on&#8221;][\/et_pb_slide][et_pb_slide _builder_version=&#8221;4.16&#8243; _module_preset=&#8221;default&#8221; background_image=&#8221;http:\/\/restaurantetemporal.com.mx\/wp-content\/uploads\/2021\/09\/Temporal_postres_2.jpg&#8221; background_enable_image=&#8221;on&#8221; global_colors_info=&#8221;{}&#8221; sticky_transition=&#8221;on&#8221;][\/et_pb_slide][et_pb_slide _builder_version=&#8221;4.16&#8243; _module_preset=&#8221;default&#8221; background_image=&#8221;http:\/\/restaurantetemporal.com.mx\/wp-content\/uploads\/2021\/09\/Temporal_postres_3.jpg&#8221; background_enable_image=&#8221;on&#8221; global_colors_info=&#8221;{}&#8221; sticky_transition=&#8221;on&#8221;][\/et_pb_slide][\/et_pb_fullwidth_slider][\/et_pb_section][et_pb_section fb_built=&#8221;1&#8243; _builder_version=&#8221;4.16&#8243; _module_preset=&#8221;default&#8221; custom_padding=&#8221;4px|||||&#8221; global_colors_info=&#8221;{}&#8221;][et_pb_row _builder_version=&#8221;4.16&#8243; _module_preset=&#8221;default&#8221; global_colors_info=&#8221;{}&#8221;][et_pb_column type=&#8221;4_4&#8243; _builder_version=&#8221;4.16&#8243; _module_preset=&#8221;default&#8221; global_colors_info=&#8221;{}&#8221;][et_pb_image src=&#8221;http:\/\/restaurantetemporal.com.mx\/wp-content\/uploads\/2026\/04\/MenuPostres_PRIMAVERA.pdf&#8221; title_text=&#8221;MenuPostres_PRIMAVERA&#8221; align=&#8221;center&#8221; _builder_version=&#8221;4.27.5&#8243; _module_preset=&#8221;default&#8221; width=&#8221;75%&#8221; module_alignment=&#8221;center&#8221; hover_enabled=&#8221;0&#8243; global_colors_info=&#8221;{}&#8221; sticky_enabled=&#8221;0&#8243;][\/et_pb_image][et_pb_image src=&#8221;http:\/\/restaurantetemporal.com.mx\/wp-content\/uploads\/2026\/01\/MenuBar_INVIERNO.pdf&#8221; title_text=&#8221;MenuBar_INVIERNO&#8221; align=&#8221;center&#8221; _builder_version=&#8221;4.27.5&#8243; _module_preset=&#8221;default&#8221; width=&#8221;75%&#8221; module_alignment=&#8221;center&#8221; global_colors_info=&#8221;{}&#8221;][\/et_pb_image][\/et_pb_column][\/et_pb_row][\/et_pb_section][et_pb_section fb_built=&#8221;1&#8243; _builder_version=&#8221;4.16&#8243; _module_preset=&#8221;default&#8221; background_color=&#8221;#D1D3D4&#8243; custom_padding=&#8221;||0px|||&#8221; global_colors_info=&#8221;{}&#8221;][et_pb_row _builder_version=&#8221;4.16&#8243; _module_preset=&#8221;default&#8221; custom_padding=&#8221;3px||3px|||&#8221; global_colors_info=&#8221;{}&#8221;][et_pb_column type=&#8221;4_4&#8243; _builder_version=&#8221;4.16&#8243; _module_preset=&#8221;default&#8221; global_colors_info=&#8221;{}&#8221;][et_pb_text _builder_version=&#8221;4.16&#8243; _module_preset=&#8221;default&#8221; text_font=&#8221;Public Sans||||||||&#8221; header_font=&#8221;Barlow|700|||||||&#8221; link_option_url=&#8221;mailto:contacto@restaurantetemporal.com.mx&#8221; global_colors_info=&#8221;{}&#8221;]<\/p>\n<p style=\"text-align: center;\"><strong>TEMPORAL RESTAURANTE &#8211; Cocina de Buen Tiempo<\/strong><br \/>Saltillo N\u00b0 1 Esquina Nuevo Le\u00f3n, Condesa.<br \/>06100, CDMX<\/p>\n<p style=\"text-align: center;\"><strong>RESERVACIONES:<\/strong> (55) 5211 5477 \/ (55) 5211 5465<\/p>\n<p style=\"text-align: center;\"><strong>contacto@restaurantetemporal.com.mx<\/strong><\/p>\n<p style=\"text-align: center;\"><strong>ABIERTO COMIDA y CENA:<\/strong> Todos los d\u00edas de 1:00 pm a 12:30 am y <strong>BAR<\/strong> de 1:00 pm a 2:00 am<\/p>\n<p>[\/et_pb_text][\/et_pb_column][\/et_pb_row][et_pb_row _builder_version=&#8221;4.16&#8243; _module_preset=&#8221;default&#8221; custom_padding=&#8221;||20px|||&#8221; global_colors_info=&#8221;{}&#8221;][et_pb_column type=&#8221;4_4&#8243; _builder_version=&#8221;4.16&#8243; _module_preset=&#8221;default&#8221; global_colors_info=&#8221;{}&#8221;][et_pb_code _builder_version=&#8221;4.27.4&#8243; _module_preset=&#8221;default&#8221; width=&#8221;75%&#8221; module_alignment=&#8221;center&#8221; global_colors_info=&#8221;{}&#8221;]<iframe src=\"https:\/\/www.google.com\/maps\/embed?pb=!1m18!1m12!1m3!1d3763.0490702583397!2d-99.17526534932385!3d19.4102856868327!2m3!1f0!2f0!3f0!3m2!1i1024!2i768!4f13.1!3m3!1m2!1s0x85d1ff41884e1f3b%3A0xfd2119d4f9e5e93c!2sTemporal!5e0!3m2!1sen!2smx!4v1631758024967!5m2!1sen!2smx\" width=\"800\" height=\"400\" style=\"border:0;\" allowfullscreen=\"\" loading=\"lazy\"><\/iframe>[\/et_pb_code][\/et_pb_column][\/et_pb_row][\/et_pb_section]<\/p>\n","protected":false},"excerpt":{"rendered":"<p>Gracias a una reflexi\u00f3n profunda sobre el Tiempo, el Chef Diego P\u00e9rez Turner pudo descubrir que su obsesi\u00f3n es encontrar el ingrediente perfecto en la temporada precisa del a\u00f1o, y a su vez, la fascinaci\u00f3n de cocinarlo por varias horas hasta que logra su punto ideal. La culminaci\u00f3n de todo para \u00e9l, es cuando llega [&hellip;]<\/p>\n","protected":false},"author":1,"featured_media":0,"parent":0,"menu_order":0,"comment_status":"closed","ping_status":"closed","template":"","meta":{"_et_pb_use_builder":"on","_et_pb_old_content":"","_et_gb_content_width":"","footnotes":""},"class_list":["post-12","page","type-page","status-publish","hentry"],"_links":{"self":[{"href":"http:\/\/restaurantetemporal.com.mx\/en\/wp-json\/wp\/v2\/pages\/12","targetHints":{"allow":["GET"]}}],"collection":[{"href":"http:\/\/restaurantetemporal.com.mx\/en\/wp-json\/wp\/v2\/pages"}],"about":[{"href":"http:\/\/restaurantetemporal.com.mx\/en\/wp-json\/wp\/v2\/types\/page"}],"author":[{"embeddable":true,"href":"http:\/\/restaurantetemporal.com.mx\/en\/wp-json\/wp\/v2\/users\/1"}],"replies":[{"embeddable":true,"href":"http:\/\/restaurantetemporal.com.mx\/en\/wp-json\/wp\/v2\/comments?post=12"}],"version-history":[{"count":104,"href":"http:\/\/restaurantetemporal.com.mx\/en\/wp-json\/wp\/v2\/pages\/12\/revisions"}],"predecessor-version":[{"id":565,"href":"http:\/\/restaurantetemporal.com.mx\/en\/wp-json\/wp\/v2\/pages\/12\/revisions\/565"}],"wp:attachment":[{"href":"http:\/\/restaurantetemporal.com.mx\/en\/wp-json\/wp\/v2\/media?parent=12"}],"curies":[{"name":"wp","href":"https:\/\/api.w.org\/{rel}","templated":true}]}}